{"id":2356,"date":"2020-02-04T00:00:00","date_gmt":"2020-02-03T22:00:00","guid":{"rendered":"https:\/\/galeriedimiourgon.gr\/clone1\/?post_type=tribe_events&#038;p=2356"},"modified":"2025-08-19T23:54:31","modified_gmt":"2025-08-19T20:54:31","slug":"andre-maia-%ce%bc%ce%ac%cf%81%ce%b9%ce%bf%cf%82-%cf%83%cf%84%cf%81%cf%8c%cf%86%ce%b1%ce%bb%ce%b7%cf%82-10-%cf%87%cf%81%cf%8c%ce%bd%ce%b9%ce%b1-%ce%bc%ce%b5%cf%84%ce%ac","status":"publish","type":"tribe_events","link":"https:\/\/galeriedimiourgon.gr\/site1\/single-event\/andre-maia-%ce%bc%ce%ac%cf%81%ce%b9%ce%bf%cf%82-%cf%83%cf%84%cf%81%cf%8c%cf%86%ce%b1%ce%bb%ce%b7%cf%82-10-%cf%87%cf%81%cf%8c%ce%bd%ce%b9%ce%b1-%ce%bc%ce%b5%cf%84%ce%ac\/","title":{"rendered":"Andr\u00e9 Maia &#038; \u039c\u03ac\u03c1\u03b9\u03bf\u03c2 \u03a3\u03c4\u03c1\u03cc\u03c6\u03b1\u03bb\u03b7\u03c2 &#8211; 10 \u03c7\u03c1\u03cc\u03bd\u03b9\u03b1 \u03bc\u03b5\u03c4\u03ac."},"content":{"rendered":"<p>Andr\u00e9 Maia &amp; \u039c\u03ac\u03c1\u03b9\u03bf\u03c2 \u03a3\u03c4\u03c1\u03cc\u03c6\u03b1\u03bb\u03b7\u03c2 &#8211; 10 \u03c7\u03c1\u03cc\u03bd\u03b9\u03b1 \u03bc\u03b5\u03c4\u03ac. \u039f\u03b9 \u03b4\u03cd\u03bf \u03ba\u03b1\u03bb\u03bb\u03b9\u03c4\u03ad\u03c7\u03bd\u03b5\u03c2 \u03c0\u03c1\u03c9\u03c4\u03bf-\u03c3\u03c5\u03bd\u03b1\u03bd\u03c4\u03ae\u03b8\u03b7\u03ba\u03b1\u03bd \u03c4\u03bf 2010 \u03ba\u03b1\u03b9 \u03be\u03b5\u03ba\u03af\u03bd\u03b7\u03c3\u03b1\u03bd \u03ac\u03bc\u03b5\u03c3\u03b1 \u03bc\u03b9\u03b1 \u03c3\u03c5\u03bd\u03b5\u03c1\u03b3\u03b1\u03c3\u03af\u03b1 \u03c0\u03bf\u03c5 \u03ad\u03c6\u03b5\u03c1\u03b5 \u03c0\u03bf\u03bb\u03bb\u03ad\u03c2 \u03c3\u03c5\u03bd\u03b1\u03c5\u03bb\u03af\u03b5\u03c2 \u03bc\u03b5 \u03b8\u03ad\u03bc\u03b1\u03c4\u03b1 \u03b2\u03b1\u03c3\u03b9\u03c3\u03bc\u03ad\u03bd\u03b1 \u03c3\u03c4\u03b7\u03bd \u0393\u03b1\u03bb\u03bb\u03bf\u03c6\u03c9\u03bd\u03af\u03b1 , \u03c4\u03b7\u03bd \u03a0\u03bf\u03c1\u03c4\u03bf\u03b3\u03b1\u03bb\u03bf\u03c6\u03c9\u03bd\u03af\u03b1 \u03ba\u03b1\u03b9 \u03c4\u03b7\u03bd \u0399\u03c3\u03c0\u03b1\u03bd\u03bf\u03c6\u03c9\u03bd\u03af\u03b1.<br \/>\n\u039f\u03b9 \u03ba\u03b1\u03bb\u03bb\u03b9\u03c4\u03ad\u03c7\u03bd\u03b5\u03c2 \u03be\u03b1\u03bd\u03b1\u03b2\u03c1\u03af\u03c3\u03ba\u03bf\u03bd\u03c4\u03b1\u03b9 \u03b3\u03b9\u03b1 \u03bd\u03b1 \u03c4\u03b9\u03bc\u03ae\u03c3\u03bf\u03c5\u03bd \u03c4\u03b1 \u03b4\u03ad\u03ba\u03b1 \u03c7\u03c1\u03cc\u03bd\u03b9\u03b1 \u03c3\u03c5\u03bd\u03b5\u03c1\u03b3\u03b1\u03c3\u03af\u03b1\u03c2 \u03c4\u03bf\u03c5\u03c2 \u03bc\u03b5 \u03bc\u03b9\u03b1 \u03b1\u03bd\u03b1\u03b4\u03c1\u03bf\u03bc\u03ae \u03c3\u03c4\u03bf \u0393\u03b1\u03bb\u03bb\u03b9\u03ba\u03cc \u03c4\u03c1\u03b1\u03b3\u03bf\u03cd\u03b4\u03b9, \u03c4\u03bf fado \u03ba\u03b1\u03b9 \u03c4\u03b1 tangos \u03c4\u03bf\u03c5 Astor Piazzolla.<br \/>\nAndr\u00e9 Maia: \u03a4\u03c1\u03b1\u03b3\u03bf\u03cd\u03b4\u03b9<br \/>\n\u039c\u03ac\u03c1\u03b9\u03bf\u03c2 \u03a3\u03c4\u03c1\u03cc\u03c6\u03b1\u03bb\u03b7\u03c2: \u03a0\u03b9\u03ac\u03bd\u03bf &#8211; \u0391\u03ba\u03bf\u03c1\u03bd\u03c4\u03b5\u03cc\u03bd<br \/>\n&#8212;&#8212;&#8212;&#8212;&#8212;&#8212;&#8212;&#8212;&#8212;&#8212;&#8212;&#8212;&#8212;&#8212;&#8212;&#8212;&#8212;&#8212;&#8212;&#8212;&#8212;&#8212;&#8212;&#8212;&#8212;&#8212;&#8212;&#8212;&#8212;-<br \/>\nAndr\u00e9 Maia et M\u00e1rios Str\u00f3falis- 10 ans apr\u00e8s. Les deux artistes pr\u00e9sentent, en Gr\u00e8ce, des spectacles qui rendent hommage \u00e0 la musique francophone, lusophone et hispanophone.<br \/>\nVous les retrouverez avec de la Chanson Fran\u00e7aise, du Fado et des Tangos de Piazzolla qui vous enchanteront.<br \/>\nAndr\u00e9 Maia: Voix.<br \/>\nM\u00e1rios Str\u00f3falis: Piano &amp; Accord\u00e9on.<br \/>\n&#8212;&#8212;&#8212;&#8212;&#8212;&#8212;&#8212;&#8212;&#8212;&#8212;&#8212;&#8212;&#8212;&#8212;&#8212;&#8212;&#8212;&#8212;&#8212;&#8212;&#8212;&#8212;&#8212;&#8212;&#8212;&#8212;&#8212;&#8212;&#8212;-<br \/>\nAndr\u00e9 Maia e M\u00e1rios Str\u00f3falis &#8211; 10 anos depois. Os dois artistas criaram juntos, na Gr\u00e9cia, espect\u00e1culos de homenagem \u00e0 M\u00fasica franc\u00f3fona, lus\u00f3fona e espan\u00f3fona.<br \/>\nEstar\u00e3o de novo reunidos nesta retrospectiva de Chanson Fran\u00e7aise, Fado e Tangos de Piazzolla, numa noite inesquec\u00edvel.<br \/>\nAndr\u00e9 Maia: Voz<br \/>\nM\u00e1rios Str\u00f3falis: Piano &amp; Acorde\u00e3o.<br \/>\n&#8212;&#8212;&#8212;&#8212;&#8212;&#8212;&#8212;&#8212;&#8212;&#8212;&#8212;&#8212;&#8212;&#8212;&#8212;&#8212;&#8212;&#8212;&#8212;&#8212;&#8212;&#8212;&#8212;&#8212;&#8212;&#8212;&#8212;&#8212;&#8212;&#8211;<br \/>\nAndr\u00e9 Maia y M\u00e1rios Str\u00f3falis &#8211; 10 a\u00f1os despu\u00e9s. Los dos artistas cre\u00e1ron juntos, en Gr\u00e9cia, espect\u00e1culos de homenage \u00e0 la M\u00fasica franc\u00f3fona, lus\u00f3fona y hispan\u00f3fona .<br \/>\nEstar\u00e1n de nuevo reunidos para esta retrospectiva de Chanson Fran\u00e7aise, Fado y Tangos de Piazzolla, en una noche inolvidable.<br \/>\nAndr\u00e9 Maia: Voz.<br \/>\nM\u00e1rios Str\u00f3falis: Piano &amp; Acorde\u00f3n.<br \/>\n&#8212;&#8212;&#8212;&#8212;&#8212;&#8212;&#8212;&#8212;&#8212;&#8212;&#8212;&#8212;&#8212;&#8212;&#8212;&#8212;&#8212;&#8212;&#8212;&#8212;&#8212;&#8212;&#8212;&#8212;&#8212;&#8212;&#8212;&#8212;&#8212;-<br \/>\nTICKETS: 10 EUR.<br \/>\n\u03a4\u03b7\u03bb.: 210 6251 732 Mobile: 6934 143411<br \/>\n<a id=\"LPlnk134939\" href=\"mailto:hello@galeriedimiourgon.gr\" target=\"_blank\" rel=\"noopener noreferrer\" data-auth=\"NotApplicable\">hello@galeriedimiourgon.gr<\/a><br \/>\nGALERIE DIMIOURGON &#8211;<br \/>\n\u039b\u03b5\u03c9\u03c6\u03bf\u03c1\u03b5\u03af\u03b1 \/ BUS: 504, 522, 523, 543, 721.<br \/>\n\u0394\u03b9\u03b5\u03cd\u03b8\u03c5\u03bd\u03c3\u03b7: \u0395\u03bb\u03b1\u03b9\u03ce\u03bd 1\u03b1 \u039d\u03ad\u03b1 \u039a\u03b7\u03c6\u03b9\u03c3\u03b9\u03ac (\u03b5\u03af\u03c3\u03bf\u03b4\u03bf\u03c2 \u03b1\u03c0\u03cc \u03a7\u03b5\u03bb\u03b9\u03b4\u03bf\u03bd\u03bf\u03cd\u03c2 28)<br \/>\n\u03ad\u03bd\u03b1\u03bd\u03c4\u03b9 Shell, \u03c0\u03bb\u03b7\u03c3\u03af\u03bf\u03bd \u03b9\u03b5\u03c1\u03bf\u03cd \u039d\u03b1\u03bf\u03cd \u0391\u03b3\u03af\u03b1\u03c2 \u03a4\u03c1\u03b9\u03ac\u03b4\u03b1\u03c2.<\/p>\n","protected":false},"excerpt":{"rendered":"","protected":false},"author":2,"featured_media":2371,"template":"","meta":{"_tribe_events_status":"","_tribe_events_status_reason":"","footnotes":""},"tags":[],"tribe_events_cat":[],"class_list":["post-2356","tribe_events","type-tribe_events","status-publish","has-post-thumbnail","hentry"],"_links":{"self":[{"href":"https:\/\/galeriedimiourgon.gr\/site1\/wp-json\/wp\/v2\/tribe_events\/2356","targetHints":{"allow":["GET"]}}],"collection":[{"href":"https:\/\/galeriedimiourgon.gr\/site1\/wp-json\/wp\/v2\/tribe_events"}],"about":[{"href":"https:\/\/galeriedimiourgon.gr\/site1\/wp-json\/wp\/v2\/types\/tribe_events"}],"author":[{"embeddable":true,"href":"https:\/\/galeriedimiourgon.gr\/site1\/wp-json\/wp\/v2\/users\/2"}],"version-history":[{"count":1,"href":"https:\/\/galeriedimiourgon.gr\/site1\/wp-json\/wp\/v2\/tribe_events\/2356\/revisions"}],"predecessor-version":[{"id":4389,"href":"https:\/\/galeriedimiourgon.gr\/site1\/wp-json\/wp\/v2\/tribe_events\/2356\/revisions\/4389"}],"wp:featuredmedia":[{"embeddable":true,"href":"https:\/\/galeriedimiourgon.gr\/site1\/wp-json\/wp\/v2\/media\/2371"}],"wp:attachment":[{"href":"https:\/\/galeriedimiourgon.gr\/site1\/wp-json\/wp\/v2\/media?parent=2356"}],"wp:term":[{"taxonomy":"post_tag","embeddable":true,"href":"https:\/\/galeriedimiourgon.gr\/site1\/wp-json\/wp\/v2\/tags?post=2356"},{"taxonomy":"tribe_events_cat","embeddable":true,"href":"https:\/\/galeriedimiourgon.gr\/site1\/wp-json\/wp\/v2\/tribe_events_cat?post=2356"}],"curies":[{"name":"wp","href":"https:\/\/api.w.org\/{rel}","templated":true}]}}